{"id":11586,"date":"2023-08-28T16:49:39","date_gmt":"2023-08-28T15:49:44","guid":{"rendered":"https:\/\/digamac.com\/producto\/apple-macbook-pro-151-impecable-156-reconditionne-core-i7-26ghz-16-gb-ram-512-gb-ssd-m2-2880x1800-fr-11135\/"},"modified":"2023-10-05T08:21:56","modified_gmt":"2023-10-05T07:21:56","slug":"apple-macbook-pro-151-impecable-156-reconditionne-core-i7-26ghz-16-gb-ram-512-gb-ssd-m2-2880x1800-fr-11135","status":"publish","type":"product","link":"https:\/\/digamac.com\/fr\/tienda\/macbook-pro-fr\/macbook-pro-15-fr\/apple-macbook-pro-151-impecable-156-reconditionne-core-i7-26ghz-16-gb-ram-512-gb-ssd-m2-2880x1800-fr-11135\/","title":{"rendered":"Apple MacBook Pro 15,1-Impecable 15.6\u00a0\u00bb | Reconditionn\u00e9 | Core i7 2.6GHz | 16 GB RAM | 512 GB SSD M2 2880&#215;1800"},"content":{"rendered":"<p><strong>Processeur<\/strong><br \/>Intel Core i7 8550H 2.6 GHz.<br \/><strong>M\u00e9moire RAM<\/strong><br \/>16 Gb. SO-DDR3 RAM<br \/><strong>Disque dur<\/strong><br \/>512 Gb. SSD M2<br \/><strong>Cartes<\/strong><br \/>Graphique: AMD Radeon Pro 560X 4 Gb. GDDR5 \/ Intel Iris Plus Graphics 655<br \/>Son: HD Audio<br \/><strong>Syst\u00e8me op\u00e9ratif<\/strong><br \/>macOS Monterey<br \/><strong>Ports<\/strong><br \/>4x USB-C<br \/><strong>\u00c9cran<\/strong><br \/>Retina 15.6 \u00a0\u00bb 2K  16:9  \u00b7 R\u00e9solution 2880&#215;1800<br \/><strong>Multim\u00e9dias<\/strong><br \/>Webcam<br \/><strong>Connectivit\u00e9<\/strong><br \/>WIFI<br \/>Bluetooth<br \/><strong>Notebook sp\u00e9cifique<\/strong><br \/>Langue du clavier International (autocollants espagnols)<br \/><strong>Autres<\/strong><br \/>hR emballage<br \/><strong>Dimensions<\/strong><br \/>34.9&#215;13.7&#215;1.5 cm.<br \/><strong>Poids<\/strong><br \/>1.83 Kg.<br \/><strong>Sp\u00e9cifications suppl\u00e9mentaires<\/strong><br \/>Aspect ext\u00e9rieur impeccable. Semi neuf. \u00c9cran parfait sans points blancs ni rayures. Processeur i7 de 8e g\u00e9n\u00e9ration, 16 Go de m\u00e9moire, disque SSD m.2, carte graphique AMD Radeon Pro 4 Go et \u00e9cran Retina le rendent tr\u00e8s adapt\u00e9 \u00e0 tout type d&rsquo;environnement. Au niveau fonctionnel, le syst\u00e8me d&rsquo;exploitation est install\u00e9 et est pr\u00eat \u00e0 fonctionner. Sans aucun doute, une excellente opportunit\u00e9 d&rsquo;acqu\u00e9rir un MacBook et de commencer \u00e0 profiter des avantages de l&rsquo;environnement Apple. Regardez dans \u00ab\u00a0+ Photos\u00a0\u00bb et si vous avez des questions, appelez-nous ou utilisez notre chat pour obtenir plus d&rsquo;informations ou demander plus de d\u00e9tails.<\/p>\n<p><strong>Commentaires<\/strong><br \/><u>Mod. A1990 (2018) &#8211; AMD Radeon Pro 560X 4 Gb. GDDR5 &#8211; Impeccable &#8211; Space Grey<\/u><\/p>\n","protected":false},"excerpt":{"rendered":"<p>Intel Core i7 8550H 2.6 GHz. \u00b7 16 Gb. SO-DDR3 RAM \u00b7 512 Gb. SSD M2 \u00b7 macOS Monterey \u00b7 Retina 15.6 \u00a0\u00bb 2K  16:9  \u00b7 R\u00e9solution 2880&#215;1800 \u00b7 Webcam \u00b7 <u>Mod. A1990 (2018) &#8211; AMD Radeon Pro 560X 4 Gb. GDDR5 &#8211; Impeccable &#8211; Space Grey<\/u> [&#8230;]<\/p>\n<p><a class=\"btn btn-secondary understrap-read-more-link\" href=\"https:\/\/digamac.com\/fr\/tienda\/macbook-pro-fr\/macbook-pro-15-fr\/apple-macbook-pro-151-impecable-156-reconditionne-core-i7-26ghz-16-gb-ram-512-gb-ssd-m2-2880x1800-fr-11135\/\">Lire la suite\u2026<span class=\"screen-reader-text\"> from Apple MacBook Pro 15,1-Impecable 15.6\u00a0\u00bb | Reconditionn\u00e9 | Core i7 2.6GHz | 16 GB RAM | 512 GB SSD M2 2880&#215;1800<\/span><\/a><\/p>\n","protected":false},"featured_media":11562,"template":"","meta":[],"product_brand":[3122],"product_cat":[3067,3058],"product_tag":[],"class_list":{"0":"post-11586","1":"product","2":"type-product","3":"status-publish","4":"has-post-thumbnail","6":"product_brand-apple","7":"product_cat-macbook-pro-15-fr","8":"product_cat-macbook-pro-fr","10":"first","11":"outofstock","12":"taxable","13":"shipping-taxable","14":"purchasable","15":"product-type-simple"},"exclude_global_add_ons":true,"addons":{"keyboard-iso-upgrades":{"name":"Choisir langue du clavier","type":"multiple_choice","position":0,"required":false,"title_format":"heading","default":"","description_enable":false,"description":"","placeholder_enable":false,"placeholder":"","display":"radiobutton","restrictions_type":"any_text","adjust_price":false,"price":"","price_type":"quantity_based","restrictions":false,"min":"0","max":"0","options":[{"label":"Autocollants espagnols [AMP00082]","price":"0.0000","price_type":"quantity_based","image":0,"visibility":true},{"label":"Autocollants fran\u00e7ais [AMP00084]","price":"0.0000","price_type":"quantity_based","image":0,"visibility":true},{"label":"Autocollants portugais [AMP00083]","price":"0.0000","price_type":"quantity_based","image":0,"visibility":true}]},"mouse-upgrades":{"name":"Extension souris","type":"multiple_choice","position":0,"required":false,"title_format":"heading","default":"","description_enable":false,"description":"","placeholder_enable":false,"placeholder":"","display":"radiobutton","restrictions_type":"any_text","adjust_price":false,"price":"","price_type":"quantity_based","restrictions":false,"min":"0","max":"0","options":[{"label":"Apple Magic Mouse 2 (A1657) [AMP00060]","price":"60.0000","price_type":"quantity_based","image":0,"visibility":true},{"label":"Souris USB Apple (A1152) [AMP00053]","price":"15.0000","price_type":"quantity_based","image":0,"visibility":true}]}},"_links":{"self":[{"href":"https:\/\/digamac.com\/fr\/wp-json\/wp\/v2\/product\/11586","targetHints":{"allow":["GET"]}}],"collection":[{"href":"https:\/\/digamac.com\/fr\/wp-json\/wp\/v2\/product"}],"about":[{"href":"https:\/\/digamac.com\/fr\/wp-json\/wp\/v2\/types\/product"}],"wp:featuredmedia":[{"embeddable":true,"href":"https:\/\/digamac.com\/fr\/wp-json\/wp\/v2\/media\/11562"}],"wp:attachment":[{"href":"https:\/\/digamac.com\/fr\/wp-json\/wp\/v2\/media?parent=11586"}],"wp:term":[{"taxonomy":"product_brand","embeddable":true,"href":"https:\/\/digamac.com\/fr\/wp-json\/wp\/v2\/product_brand?post=11586"},{"taxonomy":"product_cat","embeddable":true,"href":"https:\/\/digamac.com\/fr\/wp-json\/wp\/v2\/product_cat?post=11586"},{"taxonomy":"product_tag","embeddable":true,"href":"https:\/\/digamac.com\/fr\/wp-json\/wp\/v2\/product_tag?post=11586"}],"curies":[{"name":"wp","href":"https:\/\/api.w.org\/{rel}","templated":true}]}}