{"id":14174,"date":"2024-09-18T10:50:24","date_gmt":"2024-09-18T09:50:26","guid":{"rendered":"https:\/\/digamac.com\/tienda\/sem%20categoria\/apple-macbook-pro-111-133-recondicionado-core-i5-28ghz-8-gb-ram-500-gb-ssd-m2-2560x1600-pt-11649\/"},"modified":"2024-12-03T09:49:57","modified_gmt":"2024-12-03T08:49:57","slug":"apple-macbook-pro-111-133-recondicionado-core-i5-28ghz-8-gb-ram-500-gb-ssd-m2-2560x1600-pt-11649","status":"publish","type":"product","link":"https:\/\/digamac.com\/pt-pt\/loja\/macbook-pro-pt\/macbook-pro-13-pt\/apple-macbook-pro-111-133-recondicionado-core-i5-28ghz-8-gb-ram-500-gb-ssd-m2-2560x1600-pt-11649\/","title":{"rendered":"Apple Macbook Pro 11,1 13.3&#8221; | Recondicionado | Core i5 2.8GHz | 8 GB RAM | 500 GB SSD M2 2560&#215;1600"},"content":{"rendered":"<p><strong>Processador<\/strong><br \/>Intel Core i5 4308U 2.8 GHz.<br \/><strong>Mem\u00f3ria RAM<\/strong><br \/>8 Gb. SO-DDR3 RAM<br \/><strong>Disco r\u00edgido<\/strong><br \/>500 Gb. SSD M2<br \/><strong>Cart\u00f5es<\/strong><br \/>Placa gr\u00e1fica: Intel Iris 1.5Gb<br \/><strong>Sistema operativo<\/strong><br \/>macOS Big Sur<br \/><strong>Portos<\/strong><br \/>2x Thunderbolt<br \/>2x USB 3.0<br \/><strong>Tela<\/strong><br \/>Retina 13.3 &#8221; 2K  16:9  \u00b7 Resolu\u00e7\u00e3o 2560&#215;1600<br \/><strong>Portas de v\u00eddeo<\/strong><br \/>1x HDMI<br \/><strong>Multim\u00eddia<\/strong><br \/>Webcam<br \/>Leitor SD<br \/><strong>Conectividade<\/strong><br \/>WIFI<br \/>Bluetooth<br \/><strong>Espec\u00edfico laptop<\/strong><br \/>Layout do teclado Espanhol<br \/>Adaptador de energia magsafe 2<br \/><strong>Outros<\/strong><br \/>hR embalagens<br \/><strong>Dimens\u00f5es<\/strong><br \/>31.5x22x1.5 cm.<br \/><strong>Peso<\/strong><br \/>1.60 Kg.<br \/><strong>Especifica\u00e7\u00f5es adicionais<\/strong><br \/>Boa apar\u00eancia exterior. Pode apresentar ligeiros sinais de uso na caixa. Apresenta leve desgaste na tela, pouco vis\u00edvel com o notebook ligado. A n\u00edvel funcional, o Sistema Operativo est\u00e1 instalado e pronto a funcionar. Sem d\u00favida, uma \u00f3tima oportunidade para adquirir um MacBook e come\u00e7ar a aproveitar as vantagens do ambiente Apple. Procure em &#8220;+ Fotos\u201d e &#8220;V\u00eddeo&#8221; e se tiver alguma d\u00favida ligue para n\u00f3s ou utilize nosso chat para mais informa\u00e7\u00f5es ou. para solicitar mais detalhes.<\/p>\n<p><strong>Coment\u00e1rios<\/strong><br \/><u>Modelo A1502 (meados de 2014)<\/u><\/p>\n","protected":false},"excerpt":{"rendered":"<p>Intel Core i5 4308U 2.8 GHz. \u00b7 8 Gb. SO-DDR3 RAM \u00b7 500 Gb. SSD M2 \u00b7 macOS Big Sur \u00b7 Retina 13.3 &#8221; 2K  16:9  \u00b7 Resolu\u00e7\u00e3o 2560&#215;1600 \u00b7 Webcam \u00b7 Leitor SD \u00b7 <u>Modelo A1502 (meados de 2014)<\/u> [&#8230;]<\/p>\n<p><a class=\"btn btn-secondary understrap-read-more-link\" href=\"https:\/\/digamac.com\/pt-pt\/loja\/macbook-pro-pt\/macbook-pro-13-pt\/apple-macbook-pro-111-133-recondicionado-core-i5-28ghz-8-gb-ram-500-gb-ssd-m2-2560x1600-pt-11649\/\">Continuar a ler&#8230;<span class=\"screen-reader-text\"> from Apple Macbook Pro 11,1 13.3&#8221; | Recondicionado | Core i5 2.8GHz | 8 GB RAM | 500 GB SSD M2 2560&#215;1600<\/span><\/a><\/p>\n","protected":false},"featured_media":14159,"template":"","meta":[],"product_brand":[3122],"product_cat":[3063,3057],"product_tag":[],"class_list":{"0":"post-14174","1":"product","2":"type-product","3":"status-publish","4":"has-post-thumbnail","6":"product_brand-apple","7":"product_cat-macbook-pro-13-pt","8":"product_cat-macbook-pro-pt","10":"first","11":"outofstock","12":"taxable","13":"shipping-taxable","14":"purchasable","15":"product-type-simple"},"exclude_global_add_ons":true,"addons":{"keyboard-iso-upgrades":{"name":"Selecione idioma teclado","type":"multiple_choice","position":0,"required":false,"title_format":"heading","default":"","description_enable":false,"description":"","placeholder_enable":false,"placeholder":"","display":"radiobutton","restrictions_type":"any_text","adjust_price":false,"price":"","price_type":"quantity_based","restrictions":false,"min":"0","max":"0","options":[{"label":"Pegatinas Franc\u00e9s [AMP00084]","price":"0.0000","price_type":"quantity_based","image":0,"visibility":true},{"label":"Pegatinas Portugues [AMP00083]","price":"0.0000","price_type":"quantity_based","image":0,"visibility":true}]},"mouse-upgrades":{"name":"Extens\u00e3o rato","type":"multiple_choice","position":0,"required":false,"title_format":"heading","default":"","description_enable":false,"description":"","placeholder_enable":false,"placeholder":"","display":"radiobutton","restrictions_type":"any_text","adjust_price":false,"price":"","price_type":"quantity_based","restrictions":false,"min":"0","max":"0","options":[{"label":"Apple Magic Mouse 2 (A1657) [AMP00060]","price":"60.0000","price_type":"quantity_based","image":0,"visibility":true},{"label":"Rat\u00f3n Apple USB (A1152) [AMP00053]","price":"15.0000","price_type":"quantity_based","image":0,"visibility":true}]}},"_links":{"self":[{"href":"https:\/\/digamac.com\/pt-pt\/wp-json\/wp\/v2\/product\/14174","targetHints":{"allow":["GET"]}}],"collection":[{"href":"https:\/\/digamac.com\/pt-pt\/wp-json\/wp\/v2\/product"}],"about":[{"href":"https:\/\/digamac.com\/pt-pt\/wp-json\/wp\/v2\/types\/product"}],"wp:featuredmedia":[{"embeddable":true,"href":"https:\/\/digamac.com\/pt-pt\/wp-json\/wp\/v2\/media\/14159"}],"wp:attachment":[{"href":"https:\/\/digamac.com\/pt-pt\/wp-json\/wp\/v2\/media?parent=14174"}],"wp:term":[{"taxonomy":"product_brand","embeddable":true,"href":"https:\/\/digamac.com\/pt-pt\/wp-json\/wp\/v2\/product_brand?post=14174"},{"taxonomy":"product_cat","embeddable":true,"href":"https:\/\/digamac.com\/pt-pt\/wp-json\/wp\/v2\/product_cat?post=14174"},{"taxonomy":"product_tag","embeddable":true,"href":"https:\/\/digamac.com\/pt-pt\/wp-json\/wp\/v2\/product_tag?post=14174"}],"curies":[{"name":"wp","href":"https:\/\/api.w.org\/{rel}","templated":true}]}}