{"id":16128,"date":"2025-12-17T11:32:43","date_gmt":"2025-12-17T10:32:43","guid":{"rendered":"https:\/\/digamac.com\/tienda\/sem%20categoria\/apple-macbook-pro-152-133-recondicionado-core-i5-23ghz-16-gb-ram-500-gb-ssd-m2-2560x1600-pt-14418\/"},"modified":"2026-02-25T09:07:12","modified_gmt":"2026-02-25T08:07:12","slug":"apple-macbook-pro-152-133-recondicionado-core-i5-23ghz-16-gb-ram-500-gb-ssd-m2-2560x1600-pt-14418","status":"publish","type":"product","link":"https:\/\/digamac.com\/pt-pt\/loja\/macbook-pro-pt\/macbook-pro-13-pt\/apple-macbook-pro-152-133-recondicionado-core-i5-23ghz-16-gb-ram-500-gb-ssd-m2-2560x1600-pt-14418\/","title":{"rendered":"Apple MacBook Pro 15,2 13.3&#8221; | Recondicionado | Core i5 2.3GHz | 16 GB RAM | 500 GB SSD M2 2560&#215;1600"},"content":{"rendered":"<p><strong>Processador<\/strong><br \/>Intel Core i5 8259U 2.3 GHz.<br \/><strong>Mem\u00f3ria RAM<\/strong><br \/>16 Gb. SO-DDR3 RAM<br \/><strong>Disco r\u00edgido<\/strong><br \/>500 Gb. SSD M2<br \/><strong>Cart\u00f5es<\/strong><br \/>Placa gr\u00e1fica: Intel Iris Plus Graphics 655<br \/>Som: HD Audio<br \/><strong>Sistema operativo<\/strong><br \/>macOS Sequoia<br \/><strong>Portos<\/strong><br \/>4x USB-C<br \/><strong>Tela<\/strong><br \/>Retina 13.3 &#8221; 2K 16:9 \u00b7 Resolu\u00e7\u00e3o 2560&#215;1600<br \/><strong>Multim\u00eddia<\/strong><br \/>Webcam<br \/><strong>Conectividade<\/strong><br \/>WIFI<br \/>Bluetooth<br \/><strong>Espec\u00edfico laptop<\/strong><br \/>Layout do teclado Internacional (adesivos espanhol)<br \/><strong>Outros<\/strong><br \/>hR embalagens<br \/><strong>Dimens\u00f5es<\/strong><br \/>34.9&#215;13.7&#215;1.5 cm.<br \/><strong>Peso<\/strong><br \/>1.83 Kg.<br \/><strong>Especifica\u00e7\u00f5es adicionais<\/strong><br \/>O MacBook Pro 13,3&#8243; modelo A1989 (2018) \u00e9 a op\u00e7\u00e3o perfeita para quem procura um port\u00e1til Apple potente, compacto e com aquele equil\u00edbrio dif\u00edcil de encontrar entre desempenho e eleg\u00e2ncia.Com um Intel Core i5 8259U a 2,3 GHz, 16 GB de mem\u00f3ria RAM DDR3 e um SSD M.2 de 500 GB, este equipamento est\u00e1 preparado para acompanhar qualquer projeto: desde a edi\u00e7\u00e3o de documentos pesados at\u00e9 software criativo ou multitarefa intensiva. A fluidez \u00e9 constante e a experi\u00eancia, est\u00e1vel e r\u00e1pida.O seu ecr\u00e3 IPS Retina de 13,3 polegadas com resolu\u00e7\u00e3o 2K (2560&#215;1600) oferece um n\u00edvel de detalhe impressionante, ideal para designers, fot\u00f3grafos ou para quem simplesmente aprecia conte\u00fados em alta defini\u00e7\u00e3o. Al\u00e9m disso, a Touch Bar permite acesso r\u00e1pido a ferramentas e fun\u00e7\u00f5es que se adaptam ao contexto de cada aplica\u00e7\u00e3o.E com o macOS Sequoia, tudo funciona com uma suavidade e efici\u00eancia que s\u00f3 a Apple sabe oferecer. Compacto, profissional e pronto para o dia a dia, o MacBook Pro A1989 (2018) \u00e9 uma daquelas m\u00e1quinas que continua a dar que falar.Bom aspeto exterior. <strong>Apresenta marcas de autocolantes na carca\u00e7a. Trata-se de uma quest\u00e3o meramente est\u00e9tica<\/strong>. Veja em \u201c+ Fotos\u201d e \u201cV\u00eddeo\u201d e, se tiver alguma d\u00favida, ligue-nos ou utilize o nosso chat para obter mais informa\u00e7\u00f5es ou solicitar mais detalhes.<br \/><strong>Coment\u00e1rios<\/strong><br \/><u>TouchBar &#8211; Modelo A1989 (2018) &#8211; Cor Space Grey<\/u><\/p>\n","protected":false},"excerpt":{"rendered":"<p>Intel Core i5 8259U 2.3 GHz. \u00b7 16 Gb. SO-DDR3 RAM \u00b7 500 Gb. SSD M2 \u00b7 macOS Sequoia \u00b7 Retina 13.3 &#8221; 2K 16:9 \u00b7 Webcam \u00b7<br \/>\n<strong>TouchBar<\/strong> &#8211; <u>Modelo A1989 (2018) &#8211; Cor Space Grey \u00b7Marcas de adesivo na carca\u00e7a<\/u> [&#8230;]<\/p>\n<p><a class=\"btn btn-secondary understrap-read-more-link\" href=\"https:\/\/digamac.com\/pt-pt\/loja\/macbook-pro-pt\/macbook-pro-13-pt\/apple-macbook-pro-152-133-recondicionado-core-i5-23ghz-16-gb-ram-500-gb-ssd-m2-2560x1600-pt-14418\/\">Continuar a ler&#8230;<span class=\"screen-reader-text\"> from Apple MacBook Pro 15,2 13.3&#8221; | Recondicionado | Core i5 2.3GHz | 16 GB RAM | 500 GB SSD M2 2560&#215;1600<\/span><\/a><\/p>\n","protected":false},"featured_media":16113,"template":"","meta":[],"product_brand":[3122],"product_cat":[3063,3057],"product_tag":[],"class_list":{"0":"post-16128","1":"product","2":"type-product","3":"status-publish","4":"has-post-thumbnail","6":"product_brand-apple","7":"product_cat-macbook-pro-13-pt","8":"product_cat-macbook-pro-pt","10":"first","11":"outofstock","12":"taxable","13":"shipping-taxable","14":"purchasable","15":"product-type-simple"},"exclude_global_add_ons":true,"addons":{"keyboard-iso-upgrades":{"name":"Selecione idioma teclado","type":"multiple_choice","position":0,"required":false,"title_format":"heading","default":"","description_enable":false,"description":"","placeholder_enable":false,"placeholder":"","display":"radiobutton","restrictions_type":"any_text","adjust_price":false,"price":"","price_type":"quantity_based","restrictions":false,"min":"0","max":"0","options":[{"label":"Pegatinas Espanhol [AMP00082]","price":"0.0000","price_type":"quantity_based","image":0,"visibility":true},{"label":"Pegatinas Franc\u00e9s [AMP00084]","price":"0.0000","price_type":"quantity_based","image":0,"visibility":true},{"label":"Pegatinas Portugues [AMP00083]","price":"0.0000","price_type":"quantity_based","image":0,"visibility":true}]},"mouse-upgrades":{"name":"Extens\u00e3o rato","type":"multiple_choice","position":0,"required":false,"title_format":"heading","default":"","description_enable":false,"description":"","placeholder_enable":false,"placeholder":"","display":"radiobutton","restrictions_type":"any_text","adjust_price":false,"price":"","price_type":"quantity_based","restrictions":false,"min":"0","max":"0","options":[{"label":"Apple Magic Mouse 2 (A1657) [AMP00060]","price":"60.0000","price_type":"quantity_based","image":0,"visibility":true}]}},"_links":{"self":[{"href":"https:\/\/digamac.com\/pt-pt\/wp-json\/wp\/v2\/product\/16128","targetHints":{"allow":["GET"]}}],"collection":[{"href":"https:\/\/digamac.com\/pt-pt\/wp-json\/wp\/v2\/product"}],"about":[{"href":"https:\/\/digamac.com\/pt-pt\/wp-json\/wp\/v2\/types\/product"}],"wp:featuredmedia":[{"embeddable":true,"href":"https:\/\/digamac.com\/pt-pt\/wp-json\/wp\/v2\/media\/16113"}],"wp:attachment":[{"href":"https:\/\/digamac.com\/pt-pt\/wp-json\/wp\/v2\/media?parent=16128"}],"wp:term":[{"taxonomy":"product_brand","embeddable":true,"href":"https:\/\/digamac.com\/pt-pt\/wp-json\/wp\/v2\/product_brand?post=16128"},{"taxonomy":"product_cat","embeddable":true,"href":"https:\/\/digamac.com\/pt-pt\/wp-json\/wp\/v2\/product_cat?post=16128"},{"taxonomy":"product_tag","embeddable":true,"href":"https:\/\/digamac.com\/pt-pt\/wp-json\/wp\/v2\/product_tag?post=16128"}],"curies":[{"name":"wp","href":"https:\/\/api.w.org\/{rel}","templated":true}]}}